{"id":2122,"date":"2024-05-19T13:15:58","date_gmt":"2024-05-19T11:15:58","guid":{"rendered":"https:\/\/www.hcaridadsvp.com\/blog\/"},"modified":"2025-03-11T08:22:30","modified_gmt":"2025-03-11T07:22:30","slug":"blog","status":"publish","type":"page","link":"https:\/\/www.hcaridadsvp.com\/ca\/blog\/","title":{"rendered":"Blog"},"content":{"rendered":"<section class=\"l-section wpb_row height_custom with_shape\"><div class=\"l-section-shape type_wave pos_bottom\" style=\"height:8vmax;color:var(--color-header-middle-bg)\"><svg xmlns=\"http:\/\/www.w3.org\/2000\/svg\" viewBox=\"0 4 64 4\" preserveAspectRatio=\"none\" width=\"100%\" height=\"100%\">\r\n\t<path fill=\"currentColor\" d=\"M64 6 C32 0 32 12 0 6 L0 8 L64 8 Z\"\/>\r\n<\/svg><\/div><div class=\"l-section-h i-cf\"><div class=\"g-cols vc_row via_flex valign_top type_default stacking_default\"><div class=\"vc_col-sm-12 wpb_column vc_column_container\"><div class=\"vc_column-inner\"><div class=\"wpb_wrapper\"><div class=\"w-grid us_grid with_filters type_masonry layout_1385 cols_2 pagination_ajax preload_style_spinner with_isotope with_css_animation\" id=\"us_grid_1\" style=\"--columns:2;--gap:2rem;\"><style>@media (max-width:1040px){#us_grid_1{--columns:1!important}}@media (max-width:610px){#us_grid_1{--columns:1!important}}.layout_1385 .w-grid-item-h{}.layout_1385 .usg_post_title_1{padding-bottom:0.5rem!important}.layout_1385 .usg_post_date_1{color:#999999!important;font-size:0.9rem!important;font-family:var(--font-family)!important}.layout_1385 .usg_post_content_2{padding-top:0.5rem!important}.layout_1385 .usg_post_image_1{margin-bottom:10px!important;border-radius:10px!important}.layout_1385 .usg_post_taxonomy_1{color:var(--color-header-top-text)!important;font-size:0.9rem!important}<\/style><div class=\"g-filters style_3 align_center\"><button class=\"g-filters-item active\" data-taxonomy=\"*\"><span>Tot<\/span><\/button><button class=\"g-filters-item\" data-taxonomy=\"actualitat\" data-amount=\"25\"><span>Actualitat<\/span><span class=\"g-filters-item-amount\">25<\/span><\/button><button class=\"g-filters-item\" data-taxonomy=\"casa-espiritualitat\" data-amount=\"4\"><span>Casa d'Espiritualitat<\/span><span class=\"g-filters-item-amount\">4<\/span><\/button><button class=\"g-filters-item\" data-taxonomy=\"reflexio\" data-amount=\"1\"><span>Per a tu<\/span><span class=\"g-filters-item-amount\">1<\/span><\/button><button class=\"g-filters-item\" data-taxonomy=\"revista-ca\" data-amount=\"2\"><span>Revista<\/span><span class=\"g-filters-item-amount\">2<\/span><\/button><\/div><div class=\"w-grid-list\" data-filter_taxonomy_name=\"category\" data-filter_default_taxonomies=\"actualitat,casa-espiritualitat,reflexio,revista-ca\">\t<article class=\"w-grid-item us_animate_afb off_autostart size_1x1 post-4318 post type-post status-publish format-gallery has-post-thumbnail hentry category-actualitat post_format-post-format-gallery\" data-id=\"4318\" style=\"animation-delay:0s\">\r\n\t\t<div class=\"w-grid-item-h\">\r\n\t\t\t\t\t\t<div class=\"w-post-elm post_image usg_post_image_1 stretched\"><a href=\"https:\/\/www.hcaridadsvp.com\/ca\/151-anos-de-presencia-en-inca\/\" aria-label=\"I despr\u00e9s de 151 anys de presencia&#8230;\"><img loading=\"lazy\" decoding=\"async\" width=\"2048\" height=\"1151\" src=\"https:\/\/www.hcaridadsvp.com\/wp-content\/uploads\/2026\/08\/inca-1.jpg\" class=\"attachment-full size-full wp-post-image\" alt=\"\" srcset=\"https:\/\/www.hcaridadsvp.com\/wp-content\/uploads\/2026\/08\/inca-1.jpg 2048w, https:\/\/www.hcaridadsvp.com\/wp-content\/uploads\/2026\/08\/inca-1-300x169.jpg 300w, https:\/\/www.hcaridadsvp.com\/wp-content\/uploads\/2026\/08\/inca-1-1024x576.jpg 1024w\" sizes=\"auto, (max-width: 2048px) 100vw, 2048px\" \/><\/a><\/div><h6 class=\"w-post-elm post_title usg_post_title_1 color_link_inherit\"><a href=\"https:\/\/www.hcaridadsvp.com\/ca\/151-anos-de-presencia-en-inca\/\">I despr\u00e9s de 151 anys de presencia&#8230;<\/a><\/h6><div class=\"w-hwrapper usg_hwrapper_1 align_none valign_top wrap\" style=\"--hwrapper-gap: 1.2rem;\"><time class=\"w-post-elm post_date usg_post_date_1 has_text_color entry-date published\" datetime=\"2026-08-26T17:54:09+02:00\"><i class=\"fas fa-calendar-alt\"><\/i>26 d'agost de 2026<\/time><div class=\"w-post-elm post_taxonomy usg_post_taxonomy_1 has_text_color style_simple color_link_inherit\"><i class=\"fas fa-tag\"><\/i><a class=\"term-38 term-actualitat\" href=\"https:\/\/www.hcaridadsvp.com\/ca\/categoria\/actualitat\/\">Actualitat<\/a><\/div><\/div><div class=\"w-post-elm post_content usg_post_content_2\">Sor Catalina Jaume va fundar la primera comunitat de Germanes de la Caritat a Inca, se suposa que va ser&hellip;<\/div>\t\t<\/div>\r\n\t\t\t<\/article>\r\n\t<article class=\"w-grid-item us_animate_afb off_autostart size_1x1 post-4300 post type-post status-publish format-gallery has-post-thumbnail hentry category-actualitat category-sense-classificar post_format-post-format-gallery\" data-id=\"4300\" style=\"animation-delay:0.1s\">\r\n\t\t<div class=\"w-grid-item-h\">\r\n\t\t\t\t\t\t<div class=\"w-post-elm post_image usg_post_image_1 stretched\"><a href=\"https:\/\/www.hcaridadsvp.com\/ca\/25o-aniversario-parroquia-de-rabiro\/\" aria-label=\"25\u00ba Aniversario parroquia de Rabiro\"><img loading=\"lazy\" decoding=\"async\" width=\"2560\" height=\"1442\" src=\"https:\/\/www.hcaridadsvp.com\/wp-content\/uploads\/2026\/08\/burundi-7-scaled.jpg\" class=\"attachment-full size-full wp-post-image\" alt=\"\" srcset=\"https:\/\/www.hcaridadsvp.com\/wp-content\/uploads\/2026\/08\/burundi-7-scaled.jpg 2560w, https:\/\/www.hcaridadsvp.com\/wp-content\/uploads\/2026\/08\/burundi-7-300x169.jpg 300w, https:\/\/www.hcaridadsvp.com\/wp-content\/uploads\/2026\/08\/burundi-7-1024x577.jpg 1024w\" sizes=\"auto, (max-width: 2560px) 100vw, 2560px\" \/><\/a><\/div><h6 class=\"w-post-elm post_title usg_post_title_1 color_link_inherit\"><a href=\"https:\/\/www.hcaridadsvp.com\/ca\/25o-aniversario-parroquia-de-rabiro\/\">25\u00ba Aniversario parroquia de Rabiro<\/a><\/h6><div class=\"w-hwrapper usg_hwrapper_1 align_none valign_top wrap\" style=\"--hwrapper-gap: 1.2rem;\"><time class=\"w-post-elm post_date usg_post_date_1 has_text_color entry-date published\" datetime=\"2026-08-26T16:37:52+02:00\"><i class=\"fas fa-calendar-alt\"><\/i>26 d'agost de 2026<\/time><div class=\"w-post-elm post_taxonomy usg_post_taxonomy_1 has_text_color style_simple color_link_inherit\"><i class=\"fas fa-tag\"><\/i><a class=\"term-38 term-actualitat\" href=\"https:\/\/www.hcaridadsvp.com\/ca\/categoria\/actualitat\/\">Actualitat<\/a><b>, <\/b><a class=\"term-47 term-sense-classificar\" href=\"https:\/\/www.hcaridadsvp.com\/ca\/categoria\/sense-classificar\/\">Sense classificar<\/a><\/div><\/div><div class=\"w-post-elm post_content usg_post_content_2\">Aquest mes d&#8217;agost la parr\u00f2quia de Rabiro (Burundi) ha celebrat el seu 25\u00e8 aniversari, preparat amb molt d&#8217;afecte per tots&hellip;<\/div>\t\t<\/div>\r\n\t\t\t<\/article>\r\n\t<article class=\"w-grid-item us_animate_afb off_autostart size_1x1 post-4081 post type-post status-publish format-gallery has-post-thumbnail hentry category-actualitat category-reflexio post_format-post-format-gallery\" data-id=\"4081\" style=\"animation-delay:0.2s\">\r\n\t\t<div class=\"w-grid-item-h\">\r\n\t\t\t\t\t\t<div class=\"w-post-elm post_image usg_post_image_1 stretched\"><a href=\"https:\/\/www.hcaridadsvp.com\/ca\/4081\/\" aria-label=\"PER A T\u00da.\"><img loading=\"lazy\" decoding=\"async\" width=\"1920\" height=\"1080\" src=\"https:\/\/www.hcaridadsvp.com\/wp-content\/uploads\/2026\/07\/1.png\" class=\"attachment-full size-full wp-post-image\" alt=\"\" srcset=\"https:\/\/www.hcaridadsvp.com\/wp-content\/uploads\/2026\/07\/1.png 1920w, https:\/\/www.hcaridadsvp.com\/wp-content\/uploads\/2026\/07\/1-300x169.png 300w, https:\/\/www.hcaridadsvp.com\/wp-content\/uploads\/2026\/07\/1-1024x576.png 1024w\" sizes=\"auto, (max-width: 1920px) 100vw, 1920px\" \/><\/a><\/div><h6 class=\"w-post-elm post_title usg_post_title_1 color_link_inherit\"><a href=\"https:\/\/www.hcaridadsvp.com\/ca\/4081\/\">PER A T\u00da.<\/a><\/h6><div class=\"w-hwrapper usg_hwrapper_1 align_none valign_top wrap\" style=\"--hwrapper-gap: 1.2rem;\"><time class=\"w-post-elm post_date usg_post_date_1 has_text_color entry-date published\" datetime=\"2026-08-03T09:22:58+02:00\"><i class=\"fas fa-calendar-alt\"><\/i>3 d'agost de 2026<\/time><div class=\"w-post-elm post_taxonomy usg_post_taxonomy_1 has_text_color style_simple color_link_inherit\"><i class=\"fas fa-tag\"><\/i><a class=\"term-38 term-actualitat\" href=\"https:\/\/www.hcaridadsvp.com\/ca\/categoria\/actualitat\/\">Actualitat<\/a><b>, <\/b><a class=\"term-39 term-reflexio\" href=\"https:\/\/www.hcaridadsvp.com\/ca\/categoria\/reflexio\/\">Per a tu<\/a><\/div><\/div>\t\t<\/div>\r\n\t\t\t<\/article>\r\n\t<article class=\"w-grid-item us_animate_afb off_autostart size_1x1 post-4249 post type-post status-publish format-standard has-post-thumbnail hentry category-actualitat category-revista-ca\" data-id=\"4249\" style=\"animation-delay:0.3s\">\r\n\t\t<div class=\"w-grid-item-h\">\r\n\t\t\t\t\t\t<div class=\"w-post-elm post_image usg_post_image_1 stretched\"><a href=\"https:\/\/www.hcaridadsvp.com\/ca\/4246\/\" aria-label=\"PT estiu 2026\"><img loading=\"lazy\" decoding=\"async\" width=\"450\" height=\"640\" src=\"https:\/\/www.hcaridadsvp.com\/wp-content\/uploads\/2026\/07\/Captura-de-pantalla-2026-07-28-151354.png\" class=\"attachment-full size-full wp-post-image\" alt=\"\" srcset=\"https:\/\/www.hcaridadsvp.com\/wp-content\/uploads\/2026\/07\/Captura-de-pantalla-2026-07-28-151354.png 450w, https:\/\/www.hcaridadsvp.com\/wp-content\/uploads\/2026\/07\/Captura-de-pantalla-2026-07-28-151354-211x300.png 211w\" sizes=\"auto, (max-width: 450px) 100vw, 450px\" \/><\/a><\/div><h6 class=\"w-post-elm post_title usg_post_title_1 color_link_inherit\"><a href=\"https:\/\/www.hcaridadsvp.com\/ca\/4246\/\">PT estiu 2026<\/a><\/h6><div class=\"w-hwrapper usg_hwrapper_1 align_none valign_top wrap\" style=\"--hwrapper-gap: 1.2rem;\"><time class=\"w-post-elm post_date usg_post_date_1 has_text_color entry-date published\" datetime=\"2026-07-28T15:17:30+02:00\"><i class=\"fas fa-calendar-alt\"><\/i>28 de juliol de 2026<\/time><div class=\"w-post-elm post_taxonomy usg_post_taxonomy_1 has_text_color style_simple color_link_inherit\"><i class=\"fas fa-tag\"><\/i><a class=\"term-38 term-actualitat\" href=\"https:\/\/www.hcaridadsvp.com\/ca\/categoria\/actualitat\/\">Actualitat<\/a><b>, <\/b><a class=\"term-40 term-revista-ca\" href=\"https:\/\/www.hcaridadsvp.com\/ca\/categoria\/revista-ca\/\">Revista<\/a><\/div><\/div>\t\t<\/div>\r\n\t\t\t<\/article>\r\n\t<article class=\"w-grid-item us_animate_afb off_autostart size_1x1 post-4167 post type-post status-publish format-gallery has-post-thumbnail hentry category-actualitat post_format-post-format-gallery\" data-id=\"4167\" style=\"animation-delay:0s\">\r\n\t\t<div class=\"w-grid-item-h\">\r\n\t\t\t\t\t\t<div class=\"w-post-elm post_image usg_post_image_1 stretched\"><a href=\"https:\/\/www.hcaridadsvp.com\/ca\/jornada-ludica-en-porto-cristo\/\" aria-label=\"Jornada L\u00fadica a Porto Cristo\"><img loading=\"lazy\" decoding=\"async\" width=\"1441\" height=\"2560\" src=\"https:\/\/www.hcaridadsvp.com\/wp-content\/uploads\/2026\/05\/30-5-26-8-scaled.jpg\" class=\"attachment-full size-full wp-post-image\" alt=\"\" srcset=\"https:\/\/www.hcaridadsvp.com\/wp-content\/uploads\/2026\/05\/30-5-26-8-scaled.jpg 1441w, https:\/\/www.hcaridadsvp.com\/wp-content\/uploads\/2026\/05\/30-5-26-8-169x300.jpg 169w, https:\/\/www.hcaridadsvp.com\/wp-content\/uploads\/2026\/05\/30-5-26-8-576x1024.jpg 576w\" sizes=\"auto, (max-width: 1441px) 100vw, 1441px\" \/><\/a><\/div><h6 class=\"w-post-elm post_title usg_post_title_1 color_link_inherit\"><a href=\"https:\/\/www.hcaridadsvp.com\/ca\/jornada-ludica-en-porto-cristo\/\">Jornada L\u00fadica a Porto Cristo<\/a><\/h6><div class=\"w-hwrapper usg_hwrapper_1 align_none valign_top wrap\" style=\"--hwrapper-gap: 1.2rem;\"><time class=\"w-post-elm post_date usg_post_date_1 has_text_color entry-date published\" datetime=\"2026-05-30T19:01:13+02:00\"><i class=\"fas fa-calendar-alt\"><\/i>30 de maig de 2026<\/time><div class=\"w-post-elm post_taxonomy usg_post_taxonomy_1 has_text_color style_simple color_link_inherit\"><i class=\"fas fa-tag\"><\/i><a class=\"term-38 term-actualitat\" href=\"https:\/\/www.hcaridadsvp.com\/ca\/categoria\/actualitat\/\">Actualitat<\/a><\/div><\/div><div class=\"w-post-elm post_content usg_post_content_2\">Avui ens hem reunit 37 Germanes a Porto Crist. Per a visitar la casa que s&#8217;ha transformat en un PROJECTE&hellip;<\/div>\t\t<\/div>\r\n\t\t\t<\/article>\r\n\t<article class=\"w-grid-item us_animate_afb off_autostart size_1x1 post-4130 post type-post status-publish format-gallery has-post-thumbnail hentry category-actualitat category-sense-classificar post_format-post-format-gallery\" data-id=\"4130\" style=\"animation-delay:0.1s\">\r\n\t\t<div class=\"w-grid-item-h\">\r\n\t\t\t\t\t\t<div class=\"w-post-elm post_image usg_post_image_1 stretched\"><a href=\"https:\/\/www.hcaridadsvp.com\/ca\/mallorca-misionera-25-anos-en-rabiro\/\" aria-label=\"MALLORCA MISSIONERA, 25 ANYS A RABIRO\"><img loading=\"lazy\" decoding=\"async\" width=\"1440\" height=\"2560\" src=\"https:\/\/www.hcaridadsvp.com\/wp-content\/uploads\/2026\/05\/mca-mis-3-rotated.jpg\" class=\"attachment-full size-full wp-post-image\" alt=\"\" srcset=\"https:\/\/www.hcaridadsvp.com\/wp-content\/uploads\/2026\/05\/mca-mis-3-rotated.jpg 1440w, https:\/\/www.hcaridadsvp.com\/wp-content\/uploads\/2026\/05\/mca-mis-3-169x300.jpg 169w, https:\/\/www.hcaridadsvp.com\/wp-content\/uploads\/2026\/05\/mca-mis-3-576x1024.jpg 576w\" sizes=\"auto, (max-width: 1440px) 100vw, 1440px\" \/><\/a><\/div><h6 class=\"w-post-elm post_title usg_post_title_1 color_link_inherit\"><a href=\"https:\/\/www.hcaridadsvp.com\/ca\/mallorca-misionera-25-anos-en-rabiro\/\">MALLORCA MISSIONERA, 25 ANYS A RABIRO<\/a><\/h6><div class=\"w-hwrapper usg_hwrapper_1 align_none valign_top wrap\" style=\"--hwrapper-gap: 1.2rem;\"><time class=\"w-post-elm post_date usg_post_date_1 has_text_color entry-date published\" datetime=\"2026-05-05T11:28:42+02:00\"><i class=\"fas fa-calendar-alt\"><\/i>5 de maig de 2026<\/time><div class=\"w-post-elm post_taxonomy usg_post_taxonomy_1 has_text_color style_simple color_link_inherit\"><i class=\"fas fa-tag\"><\/i><a class=\"term-38 term-actualitat\" href=\"https:\/\/www.hcaridadsvp.com\/ca\/categoria\/actualitat\/\">Actualitat<\/a><b>, <\/b><a class=\"term-47 term-sense-classificar\" href=\"https:\/\/www.hcaridadsvp.com\/ca\/categoria\/sense-classificar\/\">Sense classificar<\/a><\/div><\/div><div class=\"w-post-elm post_content usg_post_content_2\">El primer diumenge de maig \u00e9s un dia molt especial, perqu\u00e8 celebrem el dia de MALLORCA MISSIONERA. Ens reunim en&hellip;<\/div>\t\t<\/div>\r\n\t\t\t<\/article>\r\n\t<article class=\"w-grid-item us_animate_afb off_autostart size_1x1 post-4041 post type-post status-publish format-standard has-post-thumbnail hentry category-actualitat category-revista-ca\" data-id=\"4041\" style=\"animation-delay:0.2s\">\r\n\t\t<div class=\"w-grid-item-h\">\r\n\t\t\t\t\t\t<div class=\"w-post-elm post_image usg_post_image_1 stretched\"><a href=\"https:\/\/www.hcaridadsvp.com\/ca\/punt-de-trobada-pasqua-26\/\" aria-label=\"Punt de Trobada, Pasqua 26\"><img loading=\"lazy\" decoding=\"async\" width=\"371\" height=\"533\" src=\"https:\/\/www.hcaridadsvp.com\/wp-content\/uploads\/2026\/04\/Captura-de-pantalla-2026-04-13-123234.png\" class=\"attachment-full size-full wp-post-image\" alt=\"\" srcset=\"https:\/\/www.hcaridadsvp.com\/wp-content\/uploads\/2026\/04\/Captura-de-pantalla-2026-04-13-123234.png 371w, https:\/\/www.hcaridadsvp.com\/wp-content\/uploads\/2026\/04\/Captura-de-pantalla-2026-04-13-123234-209x300.png 209w\" sizes=\"auto, (max-width: 371px) 100vw, 371px\" \/><\/a><\/div><h6 class=\"w-post-elm post_title usg_post_title_1 color_link_inherit\"><a href=\"https:\/\/www.hcaridadsvp.com\/ca\/punt-de-trobada-pasqua-26\/\">Punt de Trobada, Pasqua 26<\/a><\/h6><div class=\"w-hwrapper usg_hwrapper_1 align_none valign_top wrap\" style=\"--hwrapper-gap: 1.2rem;\"><time class=\"w-post-elm post_date usg_post_date_1 has_text_color entry-date published\" datetime=\"2026-04-13T12:51:05+02:00\"><i class=\"fas fa-calendar-alt\"><\/i>13 d'abril de 2026<\/time><div class=\"w-post-elm post_taxonomy usg_post_taxonomy_1 has_text_color style_simple color_link_inherit\"><i class=\"fas fa-tag\"><\/i><a class=\"term-38 term-actualitat\" href=\"https:\/\/www.hcaridadsvp.com\/ca\/categoria\/actualitat\/\">Actualitat<\/a><b>, <\/b><a class=\"term-40 term-revista-ca\" href=\"https:\/\/www.hcaridadsvp.com\/ca\/categoria\/revista-ca\/\">Revista<\/a><\/div><\/div>\t\t<\/div>\r\n\t\t\t<\/article>\r\n\t<article class=\"w-grid-item us_animate_afb off_autostart size_1x1 post-4012 post type-post status-publish format-video hentry category-actualitat post_format-post-format-video\" data-id=\"4012\" style=\"animation-delay:0.3s\">\r\n\t\t<div class=\"w-grid-item-h\">\r\n\t\t\t\t\t\t<div class=\"w-post-elm post_image usg_post_image_1 stretched media_preview\"><div class=\"w-video\"><div class=\"w-video-h\"><iframe loading=\"lazy\" title=\"\u00a1Festes de la Beata!  2026\" width=\"640\" height=\"360\" src=\"https:\/\/www.youtube.com\/embed\/bBCJDv4ptvc?feature=oembed\" frameborder=\"0\" allow=\"accelerometer; autoplay; clipboard-write; encrypted-media; gyroscope; picture-in-picture; web-share\" referrerpolicy=\"strict-origin-when-cross-origin\" allowfullscreen><\/iframe><\/div><\/div><\/div><h6 class=\"w-post-elm post_title usg_post_title_1 color_link_inherit\"><a href=\"https:\/\/www.hcaridadsvp.com\/ca\/4012\/\">Festa de la Beata Sor Francinaina Cirer, 2026<\/a><\/h6><div class=\"w-hwrapper usg_hwrapper_1 align_none valign_top wrap\" style=\"--hwrapper-gap: 1.2rem;\"><time class=\"w-post-elm post_date usg_post_date_1 has_text_color entry-date published\" datetime=\"2026-04-13T12:30:08+02:00\"><i class=\"fas fa-calendar-alt\"><\/i>13 d'abril de 2026<\/time><div class=\"w-post-elm post_taxonomy usg_post_taxonomy_1 has_text_color style_simple color_link_inherit\"><i class=\"fas fa-tag\"><\/i><a class=\"term-38 term-actualitat\" href=\"https:\/\/www.hcaridadsvp.com\/ca\/categoria\/actualitat\/\">Actualitat<\/a><\/div><\/div><div class=\"w-post-elm post_content usg_post_content_2\">Reviu els millors moments de la festa de la nostra Beata Sor Francinaina Cirer<\/div>\t\t<\/div>\r\n\t\t\t<\/article>\r\n\t<article class=\"w-grid-item us_animate_afb off_autostart size_1x1 post-4002 post type-post status-publish format-standard has-post-thumbnail hentry category-actualitat\" data-id=\"4002\" style=\"animation-delay:0s\">\r\n\t\t<div class=\"w-grid-item-h\">\r\n\t\t\t\t\t\t<div class=\"w-post-elm post_image usg_post_image_1 stretched\"><a href=\"https:\/\/www.hcaridadsvp.com\/ca\/matilde-renovacion-votos-temporales\/\" aria-label=\"Matilde, RENOVACI\u00d3N VOTOS TEMPORALES\"><img loading=\"lazy\" decoding=\"async\" width=\"1204\" height=\"1600\" src=\"https:\/\/www.hcaridadsvp.com\/wp-content\/uploads\/2026\/04\/matilde-4.jpeg\" class=\"attachment-full size-full wp-post-image\" alt=\"\" srcset=\"https:\/\/www.hcaridadsvp.com\/wp-content\/uploads\/2026\/04\/matilde-4.jpeg 1204w, https:\/\/www.hcaridadsvp.com\/wp-content\/uploads\/2026\/04\/matilde-4-226x300.jpeg 226w, https:\/\/www.hcaridadsvp.com\/wp-content\/uploads\/2026\/04\/matilde-4-771x1024.jpeg 771w\" sizes=\"auto, (max-width: 1204px) 100vw, 1204px\" \/><\/a><\/div><h6 class=\"w-post-elm post_title usg_post_title_1 color_link_inherit\"><a href=\"https:\/\/www.hcaridadsvp.com\/ca\/matilde-renovacion-votos-temporales\/\">Matilde, RENOVACI\u00d3N VOTOS TEMPORALES<\/a><\/h6><div class=\"w-hwrapper usg_hwrapper_1 align_none valign_top wrap\" style=\"--hwrapper-gap: 1.2rem;\"><time class=\"w-post-elm post_date usg_post_date_1 has_text_color entry-date published\" datetime=\"2026-04-12T09:14:49+02:00\"><i class=\"fas fa-calendar-alt\"><\/i>12 d'abril de 2026<\/time><div class=\"w-post-elm post_taxonomy usg_post_taxonomy_1 has_text_color style_simple color_link_inherit\"><i class=\"fas fa-tag\"><\/i><a class=\"term-38 term-actualitat\" href=\"https:\/\/www.hcaridadsvp.com\/ca\/categoria\/actualitat\/\">Actualitat<\/a><\/div><\/div><div class=\"w-post-elm post_content usg_post_content_2\">Renovar els vots temporals significa renovar el comprom\u00eds i opci\u00f3 per a seguir a Jes\u00fas des de la vida religiosa,&hellip;<\/div>\t\t<\/div>\r\n\t\t\t<\/article>\r\n\t<article class=\"w-grid-item us_animate_afb off_autostart size_1x1 post-3939 post type-post status-publish format-standard has-post-thumbnail hentry category-actualitat category-sense-classificar\" data-id=\"3939\" style=\"animation-delay:0.1s\">\r\n\t\t<div class=\"w-grid-item-h\">\r\n\t\t\t\t\t\t<div class=\"w-post-elm post_image usg_post_image_1 stretched\"><a href=\"https:\/\/www.hcaridadsvp.com\/ca\/encuentro-ludico-alumnos-de-6a\/\" aria-label=\"Encuentro L\u00fadico alumnos de 6\u00aa\"><img loading=\"lazy\" decoding=\"async\" width=\"1441\" height=\"2560\" src=\"https:\/\/www.hcaridadsvp.com\/wp-content\/uploads\/2026\/03\/20260318_120833-scaled.jpg\" class=\"attachment-full size-full wp-post-image\" alt=\"\" srcset=\"https:\/\/www.hcaridadsvp.com\/wp-content\/uploads\/2026\/03\/20260318_120833-scaled.jpg 1441w, https:\/\/www.hcaridadsvp.com\/wp-content\/uploads\/2026\/03\/20260318_120833-169x300.jpg 169w, https:\/\/www.hcaridadsvp.com\/wp-content\/uploads\/2026\/03\/20260318_120833-576x1024.jpg 576w\" sizes=\"auto, (max-width: 1441px) 100vw, 1441px\" \/><\/a><\/div><h6 class=\"w-post-elm post_title usg_post_title_1 color_link_inherit\"><a href=\"https:\/\/www.hcaridadsvp.com\/ca\/encuentro-ludico-alumnos-de-6a\/\">Encuentro L\u00fadico alumnos de 6\u00aa<\/a><\/h6><div class=\"w-hwrapper usg_hwrapper_1 align_none valign_top wrap\" style=\"--hwrapper-gap: 1.2rem;\"><time class=\"w-post-elm post_date usg_post_date_1 has_text_color entry-date published\" datetime=\"2026-03-20T12:16:24+01:00\"><i class=\"fas fa-calendar-alt\"><\/i>20 de mar\u00e7 de 2026<\/time><div class=\"w-post-elm post_taxonomy usg_post_taxonomy_1 has_text_color style_simple color_link_inherit\"><i class=\"fas fa-tag\"><\/i><a class=\"term-38 term-actualitat\" href=\"https:\/\/www.hcaridadsvp.com\/ca\/categoria\/actualitat\/\">Actualitat<\/a><b>, <\/b><a class=\"term-47 term-sense-classificar\" href=\"https:\/\/www.hcaridadsvp.com\/ca\/categoria\/sense-classificar\/\">Sense classificar<\/a><\/div><\/div><div class=\"w-post-elm post_content usg_post_content_2\">Festa a Sencelles! El dimecres 18 de mar\u00e7 350 alumnes de 6\u00e8 de Prim\u00e0ria es van reunir en Sencellas. Participaven&hellip;<\/div>\t\t<\/div>\r\n\t\t\t<\/article>\r\n<\/div>\t<div class=\"w-grid-preloader\">\r\n\t\t<div class=\"g-preloader type_1\">\r\n\t\t\t<div><\/div>\r\n\t\t<\/div>\r\n\t<\/div>\r\n\t\t\t\t<div class=\"g-loadmore\">\r\n\t\t\t\t<div class=\"g-preloader type_1\">\r\n\t\t\t\t\t<div><\/div>\r\n\t\t\t\t<\/div>\r\n\t\t\t\t<button class=\"w-btn us-btn-style_1\">\r\n\t\t\t\t\t<span class=\"w-btn-label\">Mostrar m\u00e9s<\/span>\r\n\t\t\t\t<\/button>\r\n\t\t\t<\/div>\r\n\t\t\t\t<div class=\"w-grid-json hidden\" onclick='return {&quot;action&quot;:&quot;us_ajax_grid&quot;,&quot;infinite_scroll&quot;:0,&quot;max_num_pages&quot;:3,&quot;pagination&quot;:&quot;ajax&quot;,&quot;template_vars&quot;:{&quot;columns&quot;:&quot;2&quot;,&quot;exclude_items&quot;:&quot;none&quot;,&quot;img_size&quot;:&quot;default&quot;,&quot;ignore_items_size&quot;:0,&quot;items_layout&quot;:&quot;1385&quot;,&quot;items_offset&quot;:&quot;1&quot;,&quot;load_animation&quot;:&quot;afb&quot;,&quot;overriding_link&quot;:&quot;%7B%22url%22%3A%22%22%7D&quot;,&quot;post_id&quot;:0,&quot;query_args&quot;:{&quot;post_type&quot;:[&quot;post&quot;],&quot;tax_query&quot;:[{&quot;taxonomy&quot;:&quot;category&quot;,&quot;field&quot;:&quot;slug&quot;,&quot;terms&quot;:[&quot;actualitat&quot;,&quot;casa-espiritualitat&quot;,&quot;reflexio&quot;,&quot;revista-ca&quot;]}],&quot;post_status&quot;:[&quot;publish&quot;,&quot;acf-disabled&quot;],&quot;posts_per_page&quot;:&quot;10&quot;},&quot;orderby_query_args&quot;:{&quot;orderby&quot;:{&quot;date&quot;:&quot;DESC&quot;}},&quot;type&quot;:&quot;masonry&quot;,&quot;us_grid_post_type&quot;:&quot;post&quot;,&quot;us_grid_ajax_index&quot;:1,&quot;us_grid_filter_query_string&quot;:null,&quot;us_grid_index&quot;:1,&quot;page_args&quot;:[],&quot;lang&quot;:&quot;ca&quot;}}'><\/div>\r\n\t<\/div><div class=\"w-separator size_custom\" style=\"height:8vmax\"><\/div><\/div><\/div><\/div><\/div><\/div><\/section>\n","protected":false},"excerpt":{"rendered":"Festa a Sencelles! El dimecres 18 de mar\u00e7 350 alumnes de 6\u00e8 de Prim\u00e0ria es van reunir en Sencellas. Participaven tots els alumnes dels col\u00b7legis que viuen el nostre carisma. Va ser una jornada molt alegre.","protected":false},"author":1,"featured_media":0,"parent":0,"menu_order":0,"comment_status":"closed","ping_status":"closed","template":"","meta":{"_acf_changed":false,"footnotes":""},"class_list":["post-2122","page","type-page","status-publish","hentry"],"acf":[],"yoast_head":"<!-- This site is optimized with the Yoast SEO plugin v28.4 - https:\/\/yoast.com\/product\/yoast-seo-wordpress\/ -->\n<title>Blog - Hermanas de la Caridad San Vicente de Pa\u00fal<\/title>\n<meta name=\"robots\" content=\"index, follow, max-snippet:-1, max-image-preview:large, max-video-preview:-1\" \/>\n<link rel=\"canonical\" href=\"https:\/\/www.hcaridadsvp.com\/ca\/blog\/\" \/>\n<meta property=\"og:locale\" content=\"ca_ES\" \/>\n<meta property=\"og:type\" content=\"article\" \/>\n<meta property=\"og:title\" content=\"Blog - Hermanas de la Caridad San Vicente de Pa\u00fal\" \/>\n<meta property=\"og:url\" content=\"https:\/\/www.hcaridadsvp.com\/ca\/blog\/\" \/>\n<meta property=\"og:site_name\" content=\"Hermanas de la Caridad San Vicente de Pa\u00fal\" \/>\n<meta property=\"article:modified_time\" content=\"2025-03-11T07:22:30+00:00\" \/>\n<meta name=\"twitter:card\" content=\"summary_large_image\" \/>\n<meta name=\"twitter:label1\" content=\"Temps estimat de lectura\" \/>\n\t<meta name=\"twitter:data1\" content=\"1 minut\" \/>\n<script type=\"application\/ld+json\" class=\"yoast-schema-graph\">{\"@context\":\"https:\\\/\\\/schema.org\",\"@graph\":[{\"@type\":\"WebPage\",\"@id\":\"https:\\\/\\\/www.hcaridadsvp.com\\\/ca\\\/blog\\\/\",\"url\":\"https:\\\/\\\/www.hcaridadsvp.com\\\/ca\\\/blog\\\/\",\"name\":\"Blog - Hermanas de la Caridad San Vicente de Pa\u00fal\",\"isPartOf\":{\"@id\":\"https:\\\/\\\/www.hcaridadsvp.com\\\/#website\"},\"datePublished\":\"2024-05-19T11:15:58+00:00\",\"dateModified\":\"2025-03-11T07:22:30+00:00\",\"breadcrumb\":{\"@id\":\"https:\\\/\\\/www.hcaridadsvp.com\\\/ca\\\/blog\\\/#breadcrumb\"},\"inLanguage\":\"ca\",\"potentialAction\":[{\"@type\":\"ReadAction\",\"target\":[\"https:\\\/\\\/www.hcaridadsvp.com\\\/ca\\\/blog\\\/\"]}]},{\"@type\":\"BreadcrumbList\",\"@id\":\"https:\\\/\\\/www.hcaridadsvp.com\\\/ca\\\/blog\\\/#breadcrumb\",\"itemListElement\":[{\"@type\":\"ListItem\",\"position\":1,\"name\":\"Portada\",\"item\":\"https:\\\/\\\/www.hcaridadsvp.com\\\/ca\\\/\"},{\"@type\":\"ListItem\",\"position\":2,\"name\":\"Blog\"}]},{\"@type\":\"WebSite\",\"@id\":\"https:\\\/\\\/www.hcaridadsvp.com\\\/#website\",\"url\":\"https:\\\/\\\/www.hcaridadsvp.com\\\/\",\"name\":\"Hermanas de la Caridad San Vicente de Pa\u00fal\",\"description\":\"\",\"potentialAction\":[{\"@type\":\"SearchAction\",\"target\":{\"@type\":\"EntryPoint\",\"urlTemplate\":\"https:\\\/\\\/www.hcaridadsvp.com\\\/?s={search_term_string}\"},\"query-input\":{\"@type\":\"PropertyValueSpecification\",\"valueRequired\":true,\"valueName\":\"search_term_string\"}}],\"inLanguage\":\"ca\"}]}<\/script>\n<!-- \/ Yoast SEO plugin. -->","yoast_head_json":{"title":"Blog - Hermanas de la Caridad San Vicente de Pa\u00fal","robots":{"index":"index","follow":"follow","max-snippet":"max-snippet:-1","max-image-preview":"max-image-preview:large","max-video-preview":"max-video-preview:-1"},"canonical":"https:\/\/www.hcaridadsvp.com\/ca\/blog\/","og_locale":"ca_ES","og_type":"article","og_title":"Blog - Hermanas de la Caridad San Vicente de Pa\u00fal","og_url":"https:\/\/www.hcaridadsvp.com\/ca\/blog\/","og_site_name":"Hermanas de la Caridad San Vicente de Pa\u00fal","article_modified_time":"2025-03-11T07:22:30+00:00","twitter_card":"summary_large_image","twitter_misc":{"Temps estimat de lectura":"1 minut"},"schema":{"@context":"https:\/\/schema.org","@graph":[{"@type":"WebPage","@id":"https:\/\/www.hcaridadsvp.com\/ca\/blog\/","url":"https:\/\/www.hcaridadsvp.com\/ca\/blog\/","name":"Blog - Hermanas de la Caridad San Vicente de Pa\u00fal","isPartOf":{"@id":"https:\/\/www.hcaridadsvp.com\/#website"},"datePublished":"2024-05-19T11:15:58+00:00","dateModified":"2025-03-11T07:22:30+00:00","breadcrumb":{"@id":"https:\/\/www.hcaridadsvp.com\/ca\/blog\/#breadcrumb"},"inLanguage":"ca","potentialAction":[{"@type":"ReadAction","target":["https:\/\/www.hcaridadsvp.com\/ca\/blog\/"]}]},{"@type":"BreadcrumbList","@id":"https:\/\/www.hcaridadsvp.com\/ca\/blog\/#breadcrumb","itemListElement":[{"@type":"ListItem","position":1,"name":"Portada","item":"https:\/\/www.hcaridadsvp.com\/ca\/"},{"@type":"ListItem","position":2,"name":"Blog"}]},{"@type":"WebSite","@id":"https:\/\/www.hcaridadsvp.com\/#website","url":"https:\/\/www.hcaridadsvp.com\/","name":"Hermanas de la Caridad San Vicente de Pa\u00fal","description":"","potentialAction":[{"@type":"SearchAction","target":{"@type":"EntryPoint","urlTemplate":"https:\/\/www.hcaridadsvp.com\/?s={search_term_string}"},"query-input":{"@type":"PropertyValueSpecification","valueRequired":true,"valueName":"search_term_string"}}],"inLanguage":"ca"}]}},"_links":{"self":[{"href":"https:\/\/www.hcaridadsvp.com\/ca\/wp-json\/wp\/v2\/pages\/2122","targetHints":{"allow":["GET"]}}],"collection":[{"href":"https:\/\/www.hcaridadsvp.com\/ca\/wp-json\/wp\/v2\/pages"}],"about":[{"href":"https:\/\/www.hcaridadsvp.com\/ca\/wp-json\/wp\/v2\/types\/page"}],"author":[{"embeddable":true,"href":"https:\/\/www.hcaridadsvp.com\/ca\/wp-json\/wp\/v2\/users\/1"}],"replies":[{"embeddable":true,"href":"https:\/\/www.hcaridadsvp.com\/ca\/wp-json\/wp\/v2\/comments?post=2122"}],"version-history":[{"count":3,"href":"https:\/\/www.hcaridadsvp.com\/ca\/wp-json\/wp\/v2\/pages\/2122\/revisions"}],"predecessor-version":[{"id":3229,"href":"https:\/\/www.hcaridadsvp.com\/ca\/wp-json\/wp\/v2\/pages\/2122\/revisions\/3229"}],"wp:attachment":[{"href":"https:\/\/www.hcaridadsvp.com\/ca\/wp-json\/wp\/v2\/media?parent=2122"}],"curies":[{"name":"wp","href":"https:\/\/api.w.org\/{rel}","templated":true}]}}